{"id":17,"date":"2015-08-03T20:22:55","date_gmt":"2015-08-03T18:22:55","guid":{"rendered":"http:\/\/www.diepositiven.ch\/website\/?page_id=17"},"modified":"2015-08-12T21:40:57","modified_gmt":"2015-08-12T19:40:57","slug":"anliegen","status":"publish","type":"page","link":"http:\/\/www.diepositiven.ch\/website\/?page_id=17","title":{"rendered":"Anliegen"},"content":{"rendered":"<blockquote>\n<h2>wer fordert, f\u00f6rdert<\/h2>\n<\/blockquote>\n<p>Darum stehen wir ein f\u00fcr<\/p>\n<ul>\n<li>den Gottesdienst als Zentrum des kirchlichen Lebens<\/li>\n<li>die biblische Verk\u00fcndigung im Gottesdienst<\/li>\n<li>eine Spiritualit\u00e4t, die Raum schafft f\u00fcr die Begegnung mit Jesus Christus<\/li>\n<li>den vielf\u00e4ltigen Gemeindeaufbau<\/li>\n<li>das Engagement f\u00fcr Menschen und Randgruppen unserer Kirche und Gesellschaft<\/li>\n<li>die reformierte Identit\u00e4t in der multikulturellen Gesellschaft<\/li>\n<li>den Dialog, die Zusammenarbeit und die Koordination mit kirchlichen Gemeinschaften, freikirchlichen Verb\u00e4nden und anderen christlichen Kirchen<\/li>\n<\/ul>\n","protected":false},"excerpt":{"rendered":"<p>wer fordert, f\u00f6rdert Darum stehen wir ein f\u00fcr den Gottesdienst als Zentrum des kirchlichen Lebens die biblische Verk\u00fcndigung im Gottesdienst eine Spiritualit\u00e4t, die Raum schafft f\u00fcr die Begegnung mit Jesus Christus den vielf\u00e4ltigen Gemeindeaufbau das Engagement f\u00fcr Menschen und Randgruppen unserer Kirche und Gesellschaft die reformierte Identit\u00e4t in der multikulturellen Gesellschaft den Dialog, die Zusammenarbeit &#8230; <a class=\"read-more\" href=\"http:\/\/www.diepositiven.ch\/website\/?page_id=17\">Mehr lesen&#8230;<\/a><\/p>\n","protected":false},"author":1,"featured_media":0,"parent":0,"menu_order":0,"comment_status":"closed","ping_status":"closed","template":"","meta":{"footnotes":""},"class_list":["post-17","page","type-page","status-publish"],"_links":{"self":[{"href":"http:\/\/www.diepositiven.ch\/website\/index.php?rest_route=\/wp\/v2\/pages\/17","targetHints":{"allow":["GET"]}}],"collection":[{"href":"http:\/\/www.diepositiven.ch\/website\/index.php?rest_route=\/wp\/v2\/pages"}],"about":[{"href":"http:\/\/www.diepositiven.ch\/website\/index.php?rest_route=\/wp\/v2\/types\/page"}],"author":[{"embeddable":true,"href":"http:\/\/www.diepositiven.ch\/website\/index.php?rest_route=\/wp\/v2\/users\/1"}],"replies":[{"embeddable":true,"href":"http:\/\/www.diepositiven.ch\/website\/index.php?rest_route=%2Fwp%2Fv2%2Fcomments&post=17"}],"version-history":[{"count":9,"href":"http:\/\/www.diepositiven.ch\/website\/index.php?rest_route=\/wp\/v2\/pages\/17\/revisions"}],"predecessor-version":[{"id":81,"href":"http:\/\/www.diepositiven.ch\/website\/index.php?rest_route=\/wp\/v2\/pages\/17\/revisions\/81"}],"wp:attachment":[{"href":"http:\/\/www.diepositiven.ch\/website\/index.php?rest_route=%2Fwp%2Fv2%2Fmedia&parent=17"}],"curies":[{"name":"wp","href":"https:\/\/api.w.org\/{rel}","templated":true}]}}